{"id":2713,"date":"2024-02-07T11:34:58","date_gmt":"2024-02-07T10:34:58","guid":{"rendered":"https:\/\/veronaguide.it\/link-utili\/"},"modified":"2025-04-03T10:14:40","modified_gmt":"2025-04-03T09:14:40","slug":"enlaces-utiles","status":"publish","type":"page","link":"https:\/\/veronaguide.it\/es\/informacion-turistica\/enlaces-utiles\/","title":{"rendered":"Enlaces \u00fatiles"},"content":{"rendered":"<div>\n<p>Desde la oficina de turismo hasta la Arena, una recopilaci\u00f3n de enlaces \u00fatiles para comer, dormir, visitar y moverse por Verona.<\/p>\n<\/div>\n<h2>En Verona<\/h2>\n<ul>\n<li>\n<p><a href=\"https:\/\/www.arena.it\/it-IT\/Homeit.html\" rel=\"nofollow noopener\" target=\"_blank\"><\/p>\n<p>Arena de Verona<\/p>\n<p><\/a><\/p>\n<\/li>\n<li>\n<p><a href=\"https:\/\/www.veronafiere.it\/\" rel=\"nofollow noopener\" target=\"_blank\"><\/p>\n<p>Ferias de Verona<\/p>\n<p><\/a><\/p>\n<\/li>\n<li>\n<p><a href=\"https:\/\/www.comune.verona.it\/nqcontent.cfm?a_id=1\" rel=\"nofollow noopener\" target=\"_blank\"><\/p>\n<p>Municipio de Verona<\/p>\n<p><\/a><\/p>\n<\/li>\n<li>\n<p><a href=\"https:\/\/www.aeroportoverona.it\/\" rel=\"nofollow noopener\" target=\"_blank\"><\/p>\n<p>Aeropuerto de Verona<\/p>\n<p><\/a><\/p>\n<\/li>\n<li>\n<p><a href=\"https:\/\/www.trenitalia.com\/\" rel=\"nofollow noopener\" target=\"_blank\"><\/p>\n<p>Trenitalia<\/p>\n<p><\/a><\/p>\n<\/li>\n<li>\n<p><a href=\"https:\/\/www.veronabedandbreakfast.it\/\" rel=\"nofollow noopener\" target=\"_blank\"><\/p>\n<p>Bed and breakfast Verona y Provincia<\/p>\n<p><\/a><\/p>\n<\/li>\n<li>\n<p><a href=\"https:\/\/www.wedinverona.com\/en\/destination-weddings-events-in-italy-verona-venice-tuscany-sardinia\" rel=\"nofollow noopener\" target=\"_blank\"><\/p>\n<p>Mi\u00e9rcoles en Verona<\/p>\n<p><\/a><\/p>\n<\/li>\n<li>\n<p><a href=\"https:\/\/www.verona.net\/\" rel=\"nofollow noopener\" target=\"_blank\">Turismo<\/a><\/p>\n<\/li>\n<\/ul>\n<h2>En italia<\/h2>\n<ul>\n<li>\n<h3>Gu\u00edas tur\u00edsticos en Lucca:<\/h3>\n<p><a href=\"https:\/\/www.lagiunchiglia.net\/\" rel=\"nofollow noopener\" target=\"_blank\"><\/p>\n<p>El narciso<\/p>\n<p><\/a><\/p>\n<\/li>\n<li>\n<h3>Gu\u00edas tur\u00edsticas de Massa Carrara y La Spezia:<\/h3>\n<p><a href=\"http:\/\/www.iltau.it\/\" rel=\"nofollow noopener\" target=\"_blank\"><\/p>\n<p>Los tau<\/p>\n<p><\/a><\/p>\n<\/li>\n<li>\n<h3>Gu\u00edas tur\u00edsticas de Umbr\u00eda:<\/h3>\n<p><a href=\"https:\/\/assoguide.it\/it\/\" rel=\"nofollow noopener\" target=\"_blank\">Agtu<\/a><\/p>\n<\/li>\n<li>\n<h3>Asociaci\u00f3n de Gu\u00edas Tur\u00edsticos y Gu\u00edas Tur\u00edsticos de Rezia, Provincia de Sondrio y Cant\u00f3n de los Grisones (CH):<\/h3>\n<p><a href=\"http:\/\/www.guidedivaltellina.eu\/\" rel=\"nofollow noopener\" target=\"_blank\"><\/p>\n<p>Gu\u00edas de Valtelina<\/p>\n<p><\/a><\/p>\n<\/li>\n<li>\n<p><a href=\"http:\/\/www.anconaguide.com\/\" rel=\"nofollow noopener\" target=\"_blank\"><\/p>\n<p>Asociaci\u00f3n de Gu\u00edas Tur\u00edsticos de Ancona<\/p>\n<p><\/a><\/p>\n<\/li>\n<li>\n<p><a href=\"https:\/\/guidecomo.it\/\" rel=\"nofollow noopener\" target=\"_blank\"><\/p>\n<p>Gu\u00edas tur\u00edsticas de Como y su provincia.<\/p>\n<p><\/a><\/p>\n<\/li>\n<li>\n<p><a href=\"https:\/\/www.bergamoguide.it\/\" rel=\"nofollow noopener\" target=\"_blank\"><\/p>\n<p>Grupo de Gu\u00edas Tur\u00edsticas Ciudad de B\u00e9rgamo y provincia<\/p>\n<p><\/a><\/p>\n<\/li>\n<li>\n<h3>Gu\u00edas Tur\u00edsticas de Venecia:<\/h3>\n<p><a href=\"https:\/\/discoveringvenice.com\/\" rel=\"nofollow noopener\" target=\"_blank\">Discovering Venice<\/a><\/p>\n<\/li>\n<\/ul>\n<p><!--more--><br \/>\n<!-- {\"type\":\"layout\",\"children\":[{\"type\":\"section\",\"props\":{\"image_position\":\"center-center\",\"style\":\"default\",\"title_breakpoint\":\"xl\",\"title_position\":\"top-left\",\"title_rotation\":\"left\",\"vertical_align\":\"middle\",\"width\":\"small\"},\"children\":[{\"type\":\"row\",\"children\":[{\"type\":\"column\",\"props\":{\"image_position\":\"center-center\",\"position_sticky_breakpoint\":\"m\"},\"children\":[{\"type\":\"headline\",\"props\":{\"text_align\":\"center\",\"title_color\":\"primary\",\"title_element\":\"h1\"},\"source\":{\"query\":{\"name\":\"pages.singlePage\"},\"props\":{\"content\":{\"filters\":{\"search\":\"\"},\"name\":\"title\"}}}},{\"type\":\"text\",\"props\":{\"column_breakpoint\":\"m\",\"content\":\"\n\n<p>Desde la oficina de turismo hasta la Arena, una recopilaci\\u00f3n de enlaces \\u00fatiles para comer, dormir, visitar y moverse por Verona.<\\\/p>\",\"margin\":\"default\",\"text_align\":\"center\"}}]}]}],\"name\":\"INFO h1\"},{\"type\":\"section\",\"props\":{\"image_position\":\"center-center\",\"style\":\"default\",\"title_breakpoint\":\"xl\",\"title_position\":\"top-left\",\"title_rotation\":\"left\",\"vertical_align\":\"middle\",\"width\":\"small\"},\"children\":[{\"type\":\"row\",\"props\":{\"layout\":\"1-2,1-2\"},\"children\":[{\"type\":\"column\",\"props\":{\"image_position\":\"center-center\",\"position_sticky_breakpoint\":\"m\",\"width_medium\":\"1-2\"},\"children\":[{\"type\":\"headline\",\"props\":{\"content\":\"En Verona\",\"title_color\":\"primary\",\"title_element\":\"h2\",\"title_style\":\"h3\"}},{\"type\":\"description_list\",\"props\":{\"column_breakpoint\":\"m\",\"layout\":\"stacked\",\"list_element\":\"ul\",\"list_marker\":\"square\",\"list_marker_color\":\"primary\",\"meta_align\":\"below-content\",\"meta_style\":\"text-meta\",\"show_content\":true,\"show_link\":true,\"show_meta\":true,\"show_title\":true,\"title_element\":\"div\",\"title_grid_column_gap\":\"small\",\"title_grid_row_gap\":\"small\",\"title_grid_width\":\"auto\"},\"children\":[{\"type\":\"description_list_item\",\"props\":{\"content\":\"\n\n<p>Arena de Verona<\\\/p>\",\"link\":\"https:\\\/\\\/www.arena.it\\\/it-IT\\\/Homeit.html\",\"link_target\":true,\"title\":\"\"}},{\"type\":\"description_list_item\",\"props\":{\"content\":\"\n\n<p>Ferias de Verona<\\\/p>\",\"link\":\"https:\\\/\\\/www.veronafiere.it\\\/\",\"link_target\":true,\"title\":\"\"}},{\"type\":\"description_list_item\",\"props\":{\"content\":\"\n\n<p>Municipio de Verona<\\\/p>\",\"link\":\"https:\\\/\\\/www.comune.verona.it\\\/nqcontent.cfm?a_id=1\",\"link_target\":true,\"title\":\"\"}},{\"type\":\"description_list_item\",\"props\":{\"content\":\"\n\n<p>Aeropuerto de Verona<\\\/p>\",\"link\":\"https:\\\/\\\/www.aeroportoverona.it\\\/\",\"link_target\":true,\"title\":\"\"}},{\"type\":\"description_list_item\",\"props\":{\"content\":\"\n\n<p>Trenitalia<\\\/p>\",\"link\":\"https:\\\/\\\/www.trenitalia.com\\\/\",\"link_target\":true,\"title\":\"\"}},{\"type\":\"description_list_item\",\"props\":{\"content\":\"\n\n<p>Bed and breakfast Verona y Provincia<\\\/p>\",\"link\":\"https:\\\/\\\/www.veronabedandbreakfast.it\\\/\",\"link_target\":true,\"title\":\"\"}},{\"type\":\"description_list_item\",\"props\":{\"content\":\"\n\n<p>Mi\\u00e9rcoles en Verona<\\\/p>\",\"link\":\"https:\\\/\\\/www.wedinverona.com\\\/en\\\/destination-weddings-events-in-italy-verona-venice-tuscany-sardinia\",\"link_target\":true,\"title\":\"\"}},{\"type\":\"description_list_item\",\"props\":{\"content\":\"Turismo\",\"link\":\"https:\\\/\\\/www.verona.net\\\/\",\"link_target\":true,\"title\":\"\"}}]}]},{\"type\":\"column\",\"props\":{\"image_position\":\"center-center\",\"position_sticky_breakpoint\":\"m\",\"width_medium\":\"1-2\"},\"children\":[{\"type\":\"headline\",\"props\":{\"content\":\"En italia\",\"title_color\":\"primary\",\"title_element\":\"h2\",\"title_style\":\"h3\"}},{\"type\":\"description_list\",\"props\":{\"column_breakpoint\":\"m\",\"layout\":\"stacked\",\"list_element\":\"ul\",\"list_marker\":\"square\",\"list_marker_color\":\"primary\",\"meta_align\":\"below-content\",\"meta_style\":\"text-meta\",\"show_content\":true,\"show_link\":true,\"show_meta\":true,\"show_title\":true,\"title_element\":\"div\",\"title_grid_column_gap\":\"small\",\"title_grid_row_gap\":\"small\",\"title_grid_width\":\"auto\"},\"children\":[{\"type\":\"description_list_item\",\"props\":{\"content\":\"\n\n<p>El narciso<\\\/p>\",\"link\":\"https:\\\/\\\/www.lagiunchiglia.net\\\/\",\"link_target\":true,\"title\":\"Gu\\u00edas tur\\u00edsticos en Lucca:\"}},{\"type\":\"description_list_item\",\"props\":{\"content\":\"\n\n<p>Los tau<\\\/p>\",\"link\":\"http:\\\/\\\/www.iltau.it\\\/\",\"link_target\":true,\"title\":\"Gu\\u00edas tur\\u00edsticas de Massa Carrara y La Spezia:\"}},{\"type\":\"description_list_item\",\"props\":{\"content\":\"Agtu\",\"link\":\"https:\\\/\\\/assoguide.it\\\/it\\\/\",\"link_target\":true,\"title\":\"Gu\\u00edas tur\\u00edsticas de Umbr\\u00eda:\"}},{\"type\":\"description_list_item\",\"props\":{\"content\":\"\n\n<p>Gu\\u00edas de Valtelina<\\\/p>\",\"link\":\"http:\\\/\\\/www.guidedivaltellina.eu\\\/\",\"link_target\":true,\"title\":\"Asociaci\\u00f3n de Gu\\u00edas Tur\\u00edsticos y Gu\\u00edas Tur\\u00edsticos de Rezia, Provincia de Sondrio y Cant\\u00f3n de los Grisones (CH):\"}},{\"type\":\"description_list_item\",\"props\":{\"content\":\"\n\n<p>Asociaci\\u00f3n de Gu\\u00edas Tur\\u00edsticos de Ancona<\\\/p>\",\"link\":\"http:\\\/\\\/www.anconaguide.com\\\/\",\"link_target\":true,\"title\":\"\"}},{\"type\":\"description_list_item\",\"props\":{\"content\":\"\n\n<p>Gu\\u00edas tur\\u00edsticas de Como y su provincia.<\\\/p>\",\"link\":\"https:\\\/\\\/guidecomo.it\\\/\",\"link_target\":true,\"title\":\"\"}},{\"type\":\"description_list_item\",\"props\":{\"content\":\"\n\n<p>Grupo de Gu\\u00edas Tur\\u00edsticas Ciudad de B\\u00e9rgamo y provincia<\\\/p>\",\"link\":\"https:\\\/\\\/www.bergamoguide.it\\\/\"}},{\"type\":\"description_list_item\",\"props\":{\"content\":\"Discovering Venice\",\"link\":\"https:\\\/\\\/discoveringvenice.com\\\/\",\"link_target\":true,\"title\":\"Gu\\u00edas Tur\\u00edsticas de Venecia:\"}}]}]}]}]},{\"type\":\"section\",\"props\":{\"image_position\":\"center-center\",\"style\":\"muted\",\"title_breakpoint\":\"xl\",\"title_position\":\"top-left\",\"title_rotation\":\"left\",\"vertical_align\":\"middle\",\"width\":\"small\"},\"children\":[{\"type\":\"row\",\"children\":[{\"type\":\"column\",\"props\":{\"image_position\":\"center-center\",\"position_sticky_breakpoint\":\"m\"},\"children\":[{\"type\":\"module\",\"props\":{\"menu_image_align\":\"center\",\"menu_image_margin\":true,\"menu_style\":\"default\",\"menu_type\":\"nav\",\"type\":\"builderwidget\",\"widget\":\"builderwidget-14\"}}]}]}],\"name\":\"INFO TURISTICHE\"}],\"version\":\"4.2.6\"} --><\/p>\n","protected":false},"excerpt":{"rendered":"<p>Desde la oficina de turismo hasta la Arena, una recopilaci\u00f3n de enlaces \u00fatiles para comer, dormir, visitar y moverse por Verona. En Verona Arena de Verona Ferias de Verona Municipio de Verona Aeropuerto de Verona Trenitalia Bed and breakfast Verona y Provincia Mi\u00e9rcoles en Verona Turismo En italia Gu\u00edas tur\u00edsticos en Lucca: El narciso Gu\u00edas [&hellip;]<\/p>\n","protected":false},"author":6,"featured_media":0,"parent":2700,"menu_order":0,"comment_status":"closed","ping_status":"closed","template":"","meta":{"_acf_changed":false,"rank_math_lock_modified_date":false,"footnotes":""},"class_list":["post-2713","page","type-page","status-publish","hentry"],"acf":[],"_links":{"self":[{"href":"https:\/\/veronaguide.it\/es\/wp-json\/wp\/v2\/pages\/2713"}],"collection":[{"href":"https:\/\/veronaguide.it\/es\/wp-json\/wp\/v2\/pages"}],"about":[{"href":"https:\/\/veronaguide.it\/es\/wp-json\/wp\/v2\/types\/page"}],"author":[{"embeddable":true,"href":"https:\/\/veronaguide.it\/es\/wp-json\/wp\/v2\/users\/6"}],"replies":[{"embeddable":true,"href":"https:\/\/veronaguide.it\/es\/wp-json\/wp\/v2\/comments?post=2713"}],"version-history":[{"count":16,"href":"https:\/\/veronaguide.it\/es\/wp-json\/wp\/v2\/pages\/2713\/revisions"}],"predecessor-version":[{"id":4836,"href":"https:\/\/veronaguide.it\/es\/wp-json\/wp\/v2\/pages\/2713\/revisions\/4836"}],"up":[{"embeddable":true,"href":"https:\/\/veronaguide.it\/es\/wp-json\/wp\/v2\/pages\/2700"}],"wp:attachment":[{"href":"https:\/\/veronaguide.it\/es\/wp-json\/wp\/v2\/media?parent=2713"}],"curies":[{"name":"wp","href":"https:\/\/api.w.org\/{rel}","templated":true}]}}